{"id":282,"date":"2024-04-16T03:56:05","date_gmt":"2024-04-16T01:56:05","guid":{"rendered":"https:\/\/www.chcemoptiku.sk\/?page_id=282"},"modified":"2024-04-16T04:03:51","modified_gmt":"2024-04-16T02:03:51","slug":"ochrana-osobnych-udajov","status":"publish","type":"page","link":"https:\/\/www.chcemoptiku.sk\/?page_id=282","title":{"rendered":"Ochrana osobn\u00fdch \u00fadajov"},"content":{"rendered":"\t\t<div data-elementor-type=\"wp-page\" data-elementor-id=\"282\" class=\"elementor elementor-282\" data-elementor-post-type=\"page\">\n\t\t\t\t<div class=\"elementor-element elementor-element-fc890de e-flex e-con-boxed e-con e-parent\" data-id=\"fc890de\" data-element_type=\"container\" data-core-v316-plus=\"true\">\n\t\t\t\t\t<div class=\"e-con-inner\">\n\t\t\t\t<div class=\"elementor-element elementor-element-c5e0071 elementor-widget elementor-widget-spacer\" data-id=\"c5e0071\" data-element_type=\"widget\" data-widget_type=\"spacer.default\">\n\t\t\t\t<div class=\"elementor-widget-container\">\n\t\t\t<style>\/*! elementor - v3.20.0 - 26-03-2024 *\/\n.elementor-column .elementor-spacer-inner{height:var(--spacer-size)}.e-con{--container-widget-width:100%}.e-con-inner>.elementor-widget-spacer,.e-con>.elementor-widget-spacer{width:var(--container-widget-width,var(--spacer-size));--align-self:var(--container-widget-align-self,initial);--flex-shrink:0}.e-con-inner>.elementor-widget-spacer>.elementor-widget-container,.e-con>.elementor-widget-spacer>.elementor-widget-container{height:100%;width:100%}.e-con-inner>.elementor-widget-spacer>.elementor-widget-container>.elementor-spacer,.e-con>.elementor-widget-spacer>.elementor-widget-container>.elementor-spacer{height:100%}.e-con-inner>.elementor-widget-spacer>.elementor-widget-container>.elementor-spacer>.elementor-spacer-inner,.e-con>.elementor-widget-spacer>.elementor-widget-container>.elementor-spacer>.elementor-spacer-inner{height:var(--container-widget-height,var(--spacer-size))}.e-con-inner>.elementor-widget-spacer.elementor-widget-empty,.e-con>.elementor-widget-spacer.elementor-widget-empty{position:relative;min-height:22px;min-width:22px}.e-con-inner>.elementor-widget-spacer.elementor-widget-empty .elementor-widget-empty-icon,.e-con>.elementor-widget-spacer.elementor-widget-empty .elementor-widget-empty-icon{position:absolute;top:0;bottom:0;left:0;right:0;margin:auto;padding:0;width:22px;height:22px}<\/style>\t\t<div class=\"elementor-spacer\">\n\t\t\t<div class=\"elementor-spacer-inner\"><\/div>\n\t\t<\/div>\n\t\t\t\t<\/div>\n\t\t\t\t<\/div>\n\t\t\t\t<div class=\"elementor-element elementor-element-20f05d6 elementor-widget elementor-widget-heading\" data-id=\"20f05d6\" data-element_type=\"widget\" data-widget_type=\"heading.default\">\n\t\t\t\t<div class=\"elementor-widget-container\">\n\t\t\t<style>\/*! elementor - v3.20.0 - 26-03-2024 *\/\n.elementor-heading-title{padding:0;margin:0;line-height:1}.elementor-widget-heading .elementor-heading-title[class*=elementor-size-]>a{color:inherit;font-size:inherit;line-height:inherit}.elementor-widget-heading .elementor-heading-title.elementor-size-small{font-size:15px}.elementor-widget-heading .elementor-heading-title.elementor-size-medium{font-size:19px}.elementor-widget-heading .elementor-heading-title.elementor-size-large{font-size:29px}.elementor-widget-heading .elementor-heading-title.elementor-size-xl{font-size:39px}.elementor-widget-heading .elementor-heading-title.elementor-size-xxl{font-size:59px}<\/style><h2 class=\"elementor-heading-title elementor-size-default\">Z\u00e1sady pr\u00e1ce s Va\u0161imi \u00fadajmi.<\/h2>\t\t<\/div>\n\t\t\t\t<\/div>\n\t\t\t\t<div class=\"elementor-element elementor-element-a6eaece elementor-widget elementor-widget-text-editor\" data-id=\"a6eaece\" data-element_type=\"widget\" data-widget_type=\"text-editor.default\">\n\t\t\t\t<div class=\"elementor-widget-container\">\n\t\t\t<style>\/*! elementor - v3.20.0 - 26-03-2024 *\/\n.elementor-widget-text-editor.elementor-drop-cap-view-stacked .elementor-drop-cap{background-color:#69727d;color:#fff}.elementor-widget-text-editor.elementor-drop-cap-view-framed .elementor-drop-cap{color:#69727d;border:3px solid;background-color:transparent}.elementor-widget-text-editor:not(.elementor-drop-cap-view-default) .elementor-drop-cap{margin-top:8px}.elementor-widget-text-editor:not(.elementor-drop-cap-view-default) .elementor-drop-cap-letter{width:1em;height:1em}.elementor-widget-text-editor .elementor-drop-cap{float:left;text-align:center;line-height:1;font-size:50px}.elementor-widget-text-editor .elementor-drop-cap-letter{display:inline-block}<\/style>\t\t\t\t<p class=\"western\" align=\"center\">\u00a0<\/p><p class=\"western\" align=\"left\"><span style=\"font-family: Arial, sans-serif;\"><span style=\"font-size: medium;\"><span lang=\"sk-SK\">Sme spolo\u010dnos\u0165 Premium TV s. r. o., Dole\u017ealova 15C 821 04 Bratislava &#8211; mestsk\u00e1 \u010das\u0165 Ru\u017einov, <\/span><span lang=\"sk-SK\">I\u010cO: <\/span><span lang=\"sk-SK\">55820760<\/span><\/span><\/span><\/p><p class=\"western\" align=\"justify\"><span style=\"font-family: Arial, sans-serif;\"><span style=\"font-size: medium;\"><span lang=\"sk-SK\">Prev\u00e1dzkujeme e-shop na webov\u00fdch str\u00e1nkach <\/span><span lang=\"sk-SK\">chcemoptiku.sk<\/span><\/span><\/span><\/p><p class=\"western\" align=\"justify\"><span style=\"font-family: Arial, sans-serif;\"><span style=\"font-size: medium;\"><span lang=\"sk-SK\">Pri poskytovan\u00ed na\u0161ich slu\u017eieb, predaji tovaru a\u00a0prev\u00e1dzkovan\u00ed na\u0161ich webov\u00fdch str\u00e1nok sprac\u00favame niektor\u00e9 osobn\u00e9 \u00fadaje.<\/span><\/span><\/span><\/p><p class=\"western\" align=\"justify\"><span style=\"font-family: Arial, sans-serif;\"><span style=\"font-size: medium;\"><span lang=\"sk-SK\">Sprac\u00favanie osobn\u00fdch \u00fadajov upravuje najm\u00e4 nariadenie Eur\u00f3pskeho parlamentu a Rady (E\u00da) 2016\/679 z 27. apr\u00edla 2016 pri sprac\u00favan\u00ed osobn\u00fdch \u00fadajov a\u00a0o\u00a0vo\u013enom pohybe tak\u00fdchto \u00fadajov, ktor\u00fdm sa zru\u0161uje 95\/46\/ES (v\u0161eobecn\u00e9 nariadenie o ochrane osobn\u00fdch \u00fadajov) (\u201e<\/span><span lang=\"sk-SK\"><b>GDPR<\/b><\/span><span lang=\"sk-SK\">\u201c).<\/span><\/span><\/span><\/p><h1 class=\"western\"><span style=\"font-family: Arial, sans-serif;\"><span style=\"font-size: medium;\"><span lang=\"sk-SK\">I. Sprac\u00favanie osobn\u00fdch \u00fadajov<\/span><\/span><\/span><\/h1><p align=\"justify\"><span style=\"font-family: Arial, sans-serif;\"><span style=\"font-size: medium;\"><span lang=\"sk-SK\"><b>A. Sprac\u00favanie osobn\u00fdch \u00fadajov v pr\u00edpade pou\u017eitia kontaktn\u00e9ho formul\u00e1ra<\/b><\/span><\/span><\/span><\/p><p class=\"western\" align=\"justify\"><span style=\"font-family: Arial, sans-serif;\"><span style=\"font-size: medium;\"><span lang=\"sk-SK\">Pokia\u013e n\u00e1s kontaktujete v\u00a0s\u00favislosti s na\u0161imi produktami a slu\u017ebami, budeme pracova\u0165 s Va\u0161imi kontaktn\u00fdmi \u00fadajmi, ktor\u00e9 n\u00e1m ozn\u00e1mite a to hlavne prostredn\u00edctvom kontaktn\u00e9ho formul\u00e1ra. S\u00fa to osobn\u00e9 \u00fadaje v rozsahu: Meno, priezvisko, adresa, telef\u00f3nne \u010d\u00edslo.<\/span><\/span><\/span><\/p><p class=\"western\" align=\"justify\"><span style=\"font-family: Arial, sans-serif;\"><span style=\"font-size: medium;\"><span lang=\"sk-SK\"><u>Z ak\u00e9ho d\u00f4vodu?<\/u><\/span><\/span><\/span><\/p><p class=\"western\" align=\"justify\"><span style=\"font-family: Arial, sans-serif;\"><span style=\"font-size: medium;\"><span lang=\"sk-SK\">Na z\u00e1klade zaslan\u00fdch osobn\u00fdch \u00fadajov V\u00e1s n\u00e1sledne budeme kontaktova\u0165 v\u00a0s\u00favislosti s\u00a0na\u0161ou ponukou slu\u017eieb.<\/span><\/span><\/span><\/p><p class=\"western\" align=\"justify\"><span style=\"font-family: Arial, sans-serif;\"><span style=\"font-size: medium;\"><span lang=\"sk-SK\"><u>Na z\u00e1klade ak\u00e9ho pr\u00e1vneho z\u00e1kladu?<\/u><\/span><\/span><\/span><\/p><p class=\"western\" align=\"justify\"><span style=\"font-family: Arial, sans-serif;\"><span style=\"font-size: medium;\"><span lang=\"sk-SK\">Ide o sprac\u00favanie na z\u00e1klade \u010dl\u00e1nku 6 ods. 1 p\u00edsm. b) GDPR \u2013 plnenie zmluvy, resp. vykonanie opatren\u00ed pred uzavret\u00edm zmluvy na Va\u0161u \u017eiados\u0165.<\/span><\/span><\/span><\/p><p class=\"western\" align=\"justify\"><span style=\"font-family: Arial, sans-serif;\"><span style=\"font-size: medium;\"><span lang=\"sk-SK\">Pokia\u013e by ste n\u00e1m tieto osobn\u00e9 \u00fadaje neposkytli, nebudeme m\u00f4c\u0165 s\u00a0Vami komunikova\u0165 za \u00fa\u010delom uzatvorenia zmluvy o\u00a0dodan\u00ed na\u0161ich tovarov alebo poskytnut\u00ed na\u0161ich slu\u017eieb.<\/span><\/span><\/span><\/p><p class=\"western\" align=\"justify\"><span style=\"font-family: Arial, sans-serif;\"><span style=\"font-size: medium;\"><span lang=\"sk-SK\"><u>Ako dlho budeme osobn\u00e9 \u00fadaje sprac\u00fava\u0165?<\/u><\/span><\/span><\/span><\/p><p class=\"western\" align=\"justify\"><span style=\"font-family: Arial, sans-serif;\"><span style=\"font-size: medium;\"><span lang=\"sk-SK\">Pokia\u013e nenadvia\u017eeme \u010fal\u0161iu spolupr\u00e1cu, Va\u0161e osobn\u00e9 \u00fadaje budeme sprac\u00fava\u0165 najdlh\u0161ie 3 mesiace od na\u0161ej poslednej komunik\u00e1cie.<\/span><\/span><\/span><\/p><p class=\"western\" align=\"justify\"><span style=\"font-family: Arial, sans-serif;\"><span style=\"font-size: medium;\"><span lang=\"sk-SK\"><b>B. Sprac\u00favanie osobn\u00fdch \u00fadajov v pr\u00edpade n\u00e1kupu<\/b><\/span><\/span><\/span><\/p><p class=\"western\" align=\"justify\"><span style=\"font-family: Arial, sans-serif;\"><span style=\"font-size: medium;\"><span lang=\"sk-SK\">Pokia\u013e u n\u00e1s nak\u00fapite, budeme pracova\u0165 s\u00a0osobn\u00fdmi \u00fadajmi, ktor\u00e9 od V\u00e1s potrebujeme na zabezpe\u010denie uzatvorenia zmluvy o\u00a0poskytnut\u00ed na\u0161ich tovarov alebo slu\u017eieb. S\u00fa to hlavne faktura\u010dn\u00e9 \u00fadaje: meno, priezvisko, adresa, telef\u00f3nne \u010d\u00edslo.<\/span><\/span><\/span><\/p><p class=\"western\" align=\"justify\"><span style=\"font-family: Arial, sans-serif;\"><span style=\"font-size: medium;\"><span lang=\"sk-SK\"><u>Z ak\u00e9ho d\u00f4vodu?<\/u><\/span><\/span><\/span><\/p><p class=\"western\" align=\"justify\"><span style=\"font-family: Arial, sans-serif;\"><span style=\"font-size: medium;\"><span lang=\"sk-SK\">Osobn\u00e9 \u00fadaje potrebujeme sprac\u00fava\u0165, aby sme mohli splni\u0165 na\u0161e povinnosti vypl\u00fdvaj\u00face zo zmluvy \u2013 dodanie tovaru alebo poskytovanie slu\u017eieb. Vyu\u017eit\u00edm kontaktn\u00fdch \u00fadajov budeme s Vami tie\u017e komunikova\u0165 oh\u013eadom stavu Va\u0161ej objedn\u00e1vky, pr\u00edpadne oh\u013eadom reklam\u00e1ci\u00ed alebo Va\u0161ich ot\u00e1zok.<\/span><\/span><\/span><\/p><p class=\"western\" align=\"justify\"><span style=\"font-family: Arial, sans-serif;\"><span style=\"font-size: medium;\"><span lang=\"sk-SK\">Osobn\u00e9 \u00fadaje budeme \u010falej sprac\u00fava\u0165 pre splnenie na\u0161ich povinnost\u00ed, ktor\u00e9 n\u00e1m plyn\u00fa zo v\u0161eobecne z\u00e1v\u00e4zn\u00fdch pr\u00e1vnych predpisov (hlavne na \u00fa\u010dtovn\u00e9 a da\u0148ov\u00e9 \u00fa\u010dely, pr\u00edpadne na vybavenie reklam\u00e1ci\u00ed a in\u00e9).<\/span><\/span><\/span><\/p><p class=\"western\" align=\"justify\"><span style=\"font-family: Arial, sans-serif;\"><span style=\"font-size: medium;\"><span lang=\"sk-SK\"><u>Na z\u00e1klade ak\u00e9ho pr\u00e1vneho z\u00e1kladu sprac\u00favame osobn\u00e9 \u00fadaje?<\/u><\/span><\/span><\/span><\/p><p class=\"western\" align=\"justify\"><span style=\"font-family: Arial, sans-serif;\"><span style=\"font-size: medium;\"><span lang=\"sk-SK\">Ide o sprac\u00favanie na z\u00e1klade \u010dl\u00e1nku 6 ods. 1 p\u00edsm. b) GDPR \u2013 plnenie zmluvy a \u010dl\u00e1nok 6 ods. 1 p\u00edsm. c) GDPR \u2013 plnenie na\u0161ej pr\u00e1vnej povinnosti.<\/span><\/span><\/span><\/p><p class=\"western\" align=\"justify\"><span style=\"font-family: Arial, sans-serif;\"><span style=\"font-size: medium;\"><span lang=\"sk-SK\">Pokia\u013e by ste n\u00e1m tieto osobn\u00e9 \u00fadaje neposkytli, nebudeme m\u00f4c\u0165 s\u00a0Vami uzatvori\u0165 zmluvu o\u00a0dodan\u00ed na\u0161ich tovarov alebo poskytnut\u00ed na\u0161ich slu\u017eieb.<\/span><\/span><\/span><\/p><p class=\"western\" align=\"justify\"><span style=\"font-family: Arial, sans-serif;\"><span style=\"font-size: medium;\"><span lang=\"sk-SK\"><u>Ako dlho budeme osobn\u00e9 \u00fadaje sprac\u00fava\u0165?<\/u><\/span><\/span><\/span><\/p><p class=\"western\" align=\"justify\"><span style=\"font-family: Arial, sans-serif;\"><span style=\"font-size: medium;\"><span lang=\"sk-SK\">Po\u010das dodania tovarov alebo poskytovania slu\u017eieb a potom 3 mesiace od posledn\u00e9ho poskytnutia tak\u00fdch slu\u017eieb alebo dodania tovaru.<\/span><\/span><\/span><\/p><p class=\"western\" align=\"justify\"><span style=\"font-family: Arial, sans-serif;\"><span style=\"font-size: medium;\"><span lang=\"sk-SK\"><b>C. Newsletter (komer\u010dn\u00e1 komunik\u00e1cia)<\/b><\/span><\/span><\/span><\/p><p class=\"western\" align=\"justify\"><span style=\"font-family: Arial, sans-serif;\"><span style=\"font-size: medium;\"><span lang=\"sk-SK\">Pokia\u013e ste si u\u00a0n\u00e1s zak\u00fapili tovar alebo slu\u017eby a\u00a0z\u00e1rove\u0148 ste v\u00fdslovne neodmietli zasielanie marketingov\u00fdch ozn\u00e1men\u00ed, pou\u017eijeme Va\u0161u e-mailov\u00fa adresu na zasielanie na\u0161ich marketingov\u00fdch ozn\u00e1men\u00ed.<\/span><\/span><\/span><\/p><p class=\"western\" align=\"justify\"><span style=\"font-family: Arial, sans-serif;\"><span style=\"font-size: medium;\"><span lang=\"sk-SK\"><u>Na z\u00e1klade ak\u00e9ho pr\u00e1vneho z\u00e1kladu?<\/u><\/span><\/span><\/span><\/p><p class=\"western\" align=\"justify\"><span style=\"font-family: Arial, sans-serif;\"><span style=\"font-size: medium;\"><span lang=\"sk-SK\">Ide o sprac\u00favanie na z\u00e1klade \u010dl\u00e1nku 6 ods. 1 p\u00edsm. f) GDPR \u2013 na\u0161e opr\u00e1vnen\u00e9 z\u00e1ujmy, ktor\u00fdmi s\u00fa marketingov\u00e1 komunik\u00e1cii cielen\u00e1 na na\u0161ich z\u00e1kazn\u00edkov.<\/span><\/span><\/span><\/p><p class=\"western\" align=\"justify\"><span style=\"font-family: Arial, sans-serif;\"><span style=\"font-size: medium;\"><span lang=\"sk-SK\"><u>Ako dlho budeme osobn\u00e9 \u00fadaje sprac\u00fava\u0165?<\/u><\/span><\/span><\/span><\/p><p class=\"western\" align=\"justify\"><span style=\"font-family: Arial, sans-serif;\"><span style=\"font-size: medium;\"><span lang=\"sk-SK\">1 rok\/rokov od V\u00e1\u0161ho posledn\u00e9ho n\u00e1kupu. V\u00a0pr\u00edpade, ak nechcete na\u010falej dost\u00e1va\u0165 na\u0161e marketingov\u00e9 ozn\u00e1menia, m\u00f4\u017eete sa kedyko\u013evek odhl\u00e1si\u0165 prostredn\u00edctvom e-mailu alebo n\u00e1s m\u00f4\u017eete kontaktova\u0165 na e-maile: info@premiumtv.sk<\/span><\/span><\/span><\/p><h1 class=\"western\"><span style=\"font-family: Arial, sans-serif;\"><span style=\"font-size: medium;\"><span lang=\"sk-SK\">II. Kto sa k \u00fadajom dostane?<\/span><\/span><\/span><\/h1><p class=\"western\" align=\"justify\"><span style=\"font-family: Arial, sans-serif;\"><span style=\"font-size: medium;\"><span lang=\"sk-SK\">Va\u0161e osobn\u00e9 \u00fadaje zostan\u00fa u n\u00e1s. Napriek tomu pre n\u00e1s pracuj\u00fa niektor\u00e9 spolo\u010dnosti alebo in\u00e9 osoby, ktor\u00e9 maj\u00fa pr\u00edstup k\u00a0Va\u0161im osobn\u00fd \u00fadajom z\u00a0d\u00f4vodu toho, \u017ee n\u00e1m pom\u00e1haj\u00fa s chodom n\u00e1\u0161ho e-shopu. S\u00fa to:<\/span><\/span><\/span><\/p><ul><li><p align=\"justify\"><span style=\"font-family: Arial, sans-serif;\"><span style=\"font-size: medium;\"><span lang=\"sk-SK\">prev\u00e1dzkovate\u013e <\/span><span lang=\"sk-SK\">premiumtv<\/span><\/span><\/span><\/p><\/li><\/ul><p class=\"western\" align=\"justify\"><span style=\"font-family: Arial, sans-serif;\"><span style=\"font-size: medium;\"><span lang=\"sk-SK\">Osobn\u00e9 \u00fadaje sprac\u00favame iba na \u00fazem\u00ed Eur\u00f3pskej \u00fanie.<\/span><\/span><\/span><\/p><h1 class=\"western\"><span style=\"font-family: Arial, sans-serif;\"><span style=\"font-size: medium;\"><span lang=\"sk-SK\">III. \u010co by ste \u010falej mali vedie\u0165<\/span><\/span><\/span><\/h1><p class=\"western\" align=\"justify\"><span style=\"font-family: Arial, sans-serif;\"><span style=\"font-size: medium;\"><span lang=\"sk-SK\">V na\u0161ej spolo\u010dnosti <\/span><span lang=\"sk-SK\">m\u00e1me zodpovedn\u00fa osobu pre ochranu osobn\u00fdch \u00fadajov.<\/span><\/span><\/span><\/p><p class=\"western\" align=\"justify\"><span style=\"font-family: Arial, sans-serif;\"><span style=\"font-size: medium;\"><span lang=\"sk-SK\">Pokia\u013e by ste mali k osobn\u00fdm \u00fadajom ot\u00e1zky, kontaktujte n\u00e1s na e-mailovej adrese <\/span><span lang=\"sk-SK\">info@premiumtv.sk<\/span><\/span><\/span><\/p><h1 class=\"western\"><span style=\"font-family: Arial, sans-serif;\"><span style=\"font-size: medium;\"><span lang=\"sk-SK\">IV. Pou\u017e\u00edvanie s\u00faborov cookies<\/span><\/span><\/span><\/h1><p class=\"western\" align=\"justify\"><span style=\"font-family: Arial, sans-serif;\"><span style=\"font-size: medium;\"><span lang=\"sk-SK\">Cookies s\u00fa textov\u00e9 s\u00fabory obsahuj\u00face mal\u00e9 mno\u017estvo inform\u00e1ci\u00ed, ktor\u00e9 sa pri n\u00e1v\u0161teve na\u0161ich webov\u00fdch str\u00e1nok s\u0165ahuj\u00fa do V\u00e1\u0161ho zariadenia. S\u00fabory cookies sa n\u00e1sledne pri ka\u017edej \u010fal\u0161ej n\u00e1v\u0161teve odosielaj\u00fa sp\u00e4\u0165 na webov\u00fa str\u00e1nku alebo in\u00fa webov\u00fa str\u00e1nku, ktor\u00e1 ich rozpozn\u00e1.<\/span><\/span><\/span><\/p><p class=\"western\" align=\"justify\"><span style=\"font-family: Arial, sans-serif;\"><span style=\"font-size: medium;\"><span lang=\"sk-SK\">S\u00fabory cookies plnia r\u00f4zne \u00falohy, napr\u00edklad umo\u017e\u0148uj\u00fa efekt\u00edvnu navig\u00e1ciu medzi webov\u00fdmi str\u00e1nkami, zapam\u00e4tanie si Va\u0161ich preferenci\u00ed a celkovo zlep\u0161uj\u00fa sk\u00fasenos\u0165 pou\u017e\u00edvate\u013ea. Dok\u00e1\u017eu tie\u017e zaisti\u0165, aby reklamy zobrazovan\u00e9 on-line boli lep\u0161ie prisp\u00f4soben\u00e9 Va\u0161ej osobe a Va\u0161im z\u00e1ujmom.<\/span><\/span><\/span><\/p><p class=\"western\" align=\"justify\"><span style=\"font-family: Arial, sans-serif;\"><span style=\"font-size: medium;\"><span lang=\"sk-SK\">Na webov\u00fdch str\u00e1nkach pou\u017e\u00edvame nasleduj\u00face cookies:<\/span><\/span><\/span><\/p><ul><li><p align=\"justify\"><span style=\"font-family: Arial, sans-serif;\"><span style=\"font-size: medium;\"><span lang=\"sk-SK\"><b>Nevyhnutn\u00e9 cookies<\/b><\/span><span lang=\"sk-SK\">: s\u00fa potrebn\u00e9 na prev\u00e1dzku webov\u00fdch str\u00e1nok, umo\u017e\u0148uj\u00fa napr\u00edklad prihl\u00e1si\u0165 sa do zabezpe\u010den\u00fdch \u010dast\u00ed str\u00e1nok a \u010fal\u0161ie z\u00e1kladn\u00e9 funk\u010dnosti str\u00e1nok. T\u00e1to kateg\u00f3ria cookies sa ned\u00e1 zak\u00e1za\u0165.<\/span><\/span><\/span><\/p><\/li><li><p align=\"justify\"><span style=\"font-family: Arial, sans-serif;\"><span style=\"font-size: medium;\"><span lang=\"sk-SK\"><b>Analytick\u00e9\/\u0161tatistick\u00e9 cookies<\/b><\/span><span lang=\"sk-SK\">: umo\u017e\u0148uj\u00fa n\u00e1m napr\u00edklad rozpozna\u0165 a zisti\u0165 po\u010det n\u00e1v\u0161tevn\u00edkov a sledova\u0165, ako na\u0161i n\u00e1v\u0161tevn\u00edci pou\u017e\u00edvaj\u00fa webov\u00e9 str\u00e1nky. Pom\u00e1haj\u00fa n\u00e1m zlep\u0161ova\u0165 sp\u00f4sob, ak\u00fdm str\u00e1nky funguj\u00fa, napr\u00edklad tak, \u017ee umo\u017e\u0148uj\u00fa pou\u017e\u00edvate\u013eom \u013eahko n\u00e1js\u0165 to, \u010do h\u013eadaj\u00fa. Tieto s\u00fabory sp\u00fa\u0161\u0165ame iba s Va\u0161\u00edm predch\u00e1dzaj\u00facim s\u00fahlasom.<\/span><\/span><\/span><\/p><\/li><li><p align=\"justify\"><span style=\"font-family: Arial, sans-serif;\"><span style=\"font-size: medium;\"><span lang=\"sk-SK\"><b>Reklamn\u00e9 cookies<\/b><\/span><span lang=\"sk-SK\">: pou\u017e\u00edvaj\u00fa sa na sledovanie preferenci\u00ed a umo\u017e\u0148uj\u00fa zobrazi\u0165 reklamu a \u010fal\u0161\u00ed obsah, ktor\u00e9 najlep\u0161ie zodpovedaj\u00fa v\u00e1\u0161mu z\u00e1ujmu a online spr\u00e1vaniu. Tieto s\u00fabory sp\u00fa\u0161\u0165ame iba s Va\u0161\u00edm predch\u00e1dzaj\u00facim s\u00fahlasom.<\/span><\/span><\/span><\/p><\/li><\/ul><p class=\"western\" align=\"justify\"><span style=\"font-family: Arial, sans-serif;\"><span style=\"font-size: medium;\"><span lang=\"sk-SK\">Upozor\u0148ujeme, \u017ee tretie strany (vr\u00e1tane napr. poskytovate\u013eov extern\u00fdch slu\u017eieb) m\u00f4\u017eu taktie\u017e pou\u017e\u00edva\u0165 cookies a\/alebo pristupova\u0165 k \u00fadajom zhroma\u017e\u010fovan\u00fdm cookies na webov\u00fdch str\u00e1nkach.<\/span><\/span><\/span><\/p><p class=\"western\" align=\"justify\"><span style=\"font-family: Arial, sans-serif;\"><span style=\"font-size: medium;\"><span lang=\"sk-SK\">\u010eal\u0161ie inform\u00e1cie o cookies a ich aktu\u00e1lny zoznam n\u00e1jdete prostredn\u00edctvom jednotliv\u00fdch internetov\u00fdch prehliada\u010dov, naj\u010dastej\u0161ie v polo\u017eke N\u00e1stroje pre v\u00fdvoj\u00e1rov.<\/span><\/span><\/span><\/p><p class=\"western\" align=\"justify\"><span style=\"font-family: Arial, sans-serif;\"><span style=\"font-size: medium;\"><span lang=\"sk-SK\">S\u00fahlas m\u00f4\u017ee by\u0165 vyjadren\u00fd prostredn\u00edctvom za\u0161krt\u00e1vacieho pol\u00ed\u010dka obsiahnut\u00e9ho v tzv. cookie li\u0161te. S\u00fabory cookies m\u00f4\u017eete aj n\u00e1sledne v nastaven\u00ed svojho internetov\u00e9ho prehliada\u010da odmietnu\u0165, alebo si nastavi\u0165 pou\u017e\u00edvanie iba niektor\u00fdch.<\/span><\/span><\/span><\/p><h1 class=\"western\"><span style=\"font-family: Arial, sans-serif;\"><span style=\"font-size: medium;\"><span lang=\"sk-SK\">V. Va\u0161e pr\u00e1va v s\u00favislosti so sprac\u00favan\u00edm osobn\u00fdch \u00fadajov<\/span><\/span><\/span><\/h1><p class=\"western\" align=\"justify\"><span style=\"font-family: Arial, sans-serif;\"><span style=\"font-size: medium;\"><span lang=\"sk-SK\">Nariadenie GDPR v\u00e1m d\u00e1va okrem in\u00e9ho pr\u00e1vo obr\u00e1ti\u0165 sa na n\u00e1s a chcie\u0165 inform\u00e1cie, ak\u00e9 Va\u0161e osobn\u00e9 \u00fadaje sprac\u00favame, vy\u017eiada\u0165 si u n\u00e1s pr\u00edstup k t\u00fdmto \u00fadajom a necha\u0165 ich aktualizova\u0165 alebo opravi\u0165, popr\u00edpade po\u017eadova\u0165 obmedzenie sprac\u00favania, m\u00f4\u017eete po\u017eadova\u0165 k\u00f3piu sprac\u00favan\u00fdch osobn\u00fdch \u00fadajov, po\u017eadova\u0165 po n\u00e1s v ur\u010dit\u00fdch situ\u00e1ci\u00e1ch v\u00fdmaz osobn\u00fdch \u00fadajov a v ur\u010dit\u00fdch pr\u00edpadoch m\u00e1te pr\u00e1vo na ich prenosite\u013enos\u0165. Proti sprac\u00favaniu na z\u00e1klade opr\u00e1vnen\u00e9ho z\u00e1ujmu je mo\u017en\u00e9 vznies\u0165 n\u00e1mietku.<\/span><\/span><\/span><\/p><p class=\"western\" align=\"justify\"><span style=\"font-family: Arial, sans-serif;\"><span style=\"font-size: medium;\"><span lang=\"sk-SK\">Ak si mysl\u00edte, \u017ee s \u00fadajmi nezaobch\u00e1dzame spr\u00e1vne, m\u00e1te pr\u00e1vo poda\u0165 s\u0165a\u017enos\u0165 dozorn\u00e9mu org\u00e1nu, ktor\u00fdm je v na\u0161ej jurisdikcii, alebo sa obr\u00e1ti\u0165 na s\u00fad.<\/span><\/span><\/span><\/p>\t\t\t\t\t\t<\/div>\n\t\t\t\t<\/div>\n\t\t\t\t\t<\/div>\n\t\t\t\t<\/div>\n\t\t<div class=\"elementor-element elementor-element-3c7daa1 e-flex e-con-boxed e-con e-parent\" data-id=\"3c7daa1\" data-element_type=\"container\" data-core-v316-plus=\"true\">\n\t\t\t\t\t<div class=\"e-con-inner\">\n\t\t\t\t<div class=\"elementor-element elementor-element-3b8ad7c elementor-widget elementor-widget-spacer\" data-id=\"3b8ad7c\" data-element_type=\"widget\" data-widget_type=\"spacer.default\">\n\t\t\t\t<div class=\"elementor-widget-container\">\n\t\t\t\t\t<div class=\"elementor-spacer\">\n\t\t\t<div class=\"elementor-spacer-inner\"><\/div>\n\t\t<\/div>\n\t\t\t\t<\/div>\n\t\t\t\t<\/div>\n\t\t\t\t\t<\/div>\n\t\t\t\t<\/div>\n\t\t\t\t<\/div>\n\t\t","protected":false},"excerpt":{"rendered":"<p>Z\u00e1sady pr\u00e1ce s Va\u0161imi \u00fadajmi. \u00a0 Sme spolo\u010dnos\u0165 Premium TV s. r. o., Dole\u017ealova 15C 821 04 Bratislava &#8211; mestsk\u00e1 \u010das\u0165 Ru\u017einov, I\u010cO: 55820760 Prev\u00e1dzkujeme e-shop na webov\u00fdch str\u00e1nkach chcemoptiku.sk Pri poskytovan\u00ed na\u0161ich slu\u017eieb, predaji tovaru a\u00a0prev\u00e1dzkovan\u00ed na\u0161ich webov\u00fdch str\u00e1nok sprac\u00favame niektor\u00e9 osobn\u00e9 \u00fadaje. Sprac\u00favanie osobn\u00fdch \u00fadajov upravuje najm\u00e4 nariadenie Eur\u00f3pskeho parlamentu a Rady (E\u00da) [&hellip;]<\/p>\n","protected":false},"author":1,"featured_media":0,"parent":0,"menu_order":0,"comment_status":"closed","ping_status":"closed","template":"","meta":{"_monsterinsights_skip_tracking":false,"_monsterinsights_sitenote_active":false,"_monsterinsights_sitenote_note":"","_monsterinsights_sitenote_category":0,"footnotes":""},"yoast_head":"<!-- This site is optimized with the Yoast SEO plugin v22.5 - https:\/\/yoast.com\/wordpress\/plugins\/seo\/ -->\n<title>Ochrana osobn\u00fdch \u00fadajov - chcemoptiku.sk<\/title>\n<meta name=\"robots\" content=\"index, follow, max-snippet:-1, max-image-preview:large, max-video-preview:-1\" \/>\n<link rel=\"canonical\" href=\"https:\/\/www.chcemoptiku.sk\/?page_id=282\" \/>\n<meta property=\"og:locale\" content=\"sk_SK\" \/>\n<meta property=\"og:type\" content=\"article\" \/>\n<meta property=\"og:title\" content=\"Ochrana osobn\u00fdch \u00fadajov - chcemoptiku.sk\" \/>\n<meta property=\"og:description\" content=\"Z\u00e1sady pr\u00e1ce s Va\u0161imi \u00fadajmi. \u00a0 Sme spolo\u010dnos\u0165 Premium TV s. r. o., Dole\u017ealova 15C 821 04 Bratislava &#8211; mestsk\u00e1 \u010das\u0165 Ru\u017einov, I\u010cO: 55820760 Prev\u00e1dzkujeme e-shop na webov\u00fdch str\u00e1nkach chcemoptiku.sk Pri poskytovan\u00ed na\u0161ich slu\u017eieb, predaji tovaru a\u00a0prev\u00e1dzkovan\u00ed na\u0161ich webov\u00fdch str\u00e1nok sprac\u00favame niektor\u00e9 osobn\u00e9 \u00fadaje. Sprac\u00favanie osobn\u00fdch \u00fadajov upravuje najm\u00e4 nariadenie Eur\u00f3pskeho parlamentu a Rady (E\u00da) [&hellip;]\" \/>\n<meta property=\"og:url\" content=\"https:\/\/www.chcemoptiku.sk\/?page_id=282\" \/>\n<meta property=\"og:site_name\" content=\"chcemoptiku.sk\" \/>\n<meta property=\"article:modified_time\" content=\"2024-04-16T02:03:51+00:00\" \/>\n<meta name=\"twitter:card\" content=\"summary_large_image\" \/>\n<meta name=\"twitter:label1\" content=\"Predpokladan\u00fd \u010das \u010d\u00edtania\" \/>\n\t<meta name=\"twitter:data1\" content=\"6 min\u00fat\" \/>\n<script type=\"application\/ld+json\" class=\"yoast-schema-graph\">{\"@context\":\"https:\/\/schema.org\",\"@graph\":[{\"@type\":\"WebPage\",\"@id\":\"https:\/\/www.chcemoptiku.sk\/?page_id=282\",\"url\":\"https:\/\/www.chcemoptiku.sk\/?page_id=282\",\"name\":\"Ochrana osobn\u00fdch \u00fadajov - chcemoptiku.sk\",\"isPartOf\":{\"@id\":\"https:\/\/www.chcemoptiku.sk\/#website\"},\"datePublished\":\"2024-04-16T01:56:05+00:00\",\"dateModified\":\"2024-04-16T02:03:51+00:00\",\"breadcrumb\":{\"@id\":\"https:\/\/www.chcemoptiku.sk\/?page_id=282#breadcrumb\"},\"inLanguage\":\"sk-SK\",\"potentialAction\":[{\"@type\":\"ReadAction\",\"target\":[\"https:\/\/www.chcemoptiku.sk\/?page_id=282\"]}]},{\"@type\":\"BreadcrumbList\",\"@id\":\"https:\/\/www.chcemoptiku.sk\/?page_id=282#breadcrumb\",\"itemListElement\":[{\"@type\":\"ListItem\",\"position\":1,\"name\":\"Home\",\"item\":\"https:\/\/www.chcemoptiku.sk\/\"},{\"@type\":\"ListItem\",\"position\":2,\"name\":\"Ochrana osobn\u00fdch \u00fadajov\"}]},{\"@type\":\"WebSite\",\"@id\":\"https:\/\/www.chcemoptiku.sk\/#website\",\"url\":\"https:\/\/www.chcemoptiku.sk\/\",\"name\":\"chcemoptiku.sk\",\"description\":\"\",\"potentialAction\":[{\"@type\":\"SearchAction\",\"target\":{\"@type\":\"EntryPoint\",\"urlTemplate\":\"https:\/\/www.chcemoptiku.sk\/?s={search_term_string}\"},\"query-input\":\"required name=search_term_string\"}],\"inLanguage\":\"sk-SK\"}]}<\/script>\n<!-- \/ Yoast SEO plugin. -->","yoast_head_json":{"title":"Ochrana osobn\u00fdch \u00fadajov - chcemoptiku.sk","robots":{"index":"index","follow":"follow","max-snippet":"max-snippet:-1","max-image-preview":"max-image-preview:large","max-video-preview":"max-video-preview:-1"},"canonical":"https:\/\/www.chcemoptiku.sk\/?page_id=282","og_locale":"sk_SK","og_type":"article","og_title":"Ochrana osobn\u00fdch \u00fadajov - chcemoptiku.sk","og_description":"Z\u00e1sady pr\u00e1ce s Va\u0161imi \u00fadajmi. \u00a0 Sme spolo\u010dnos\u0165 Premium TV s. r. o., Dole\u017ealova 15C 821 04 Bratislava &#8211; mestsk\u00e1 \u010das\u0165 Ru\u017einov, I\u010cO: 55820760 Prev\u00e1dzkujeme e-shop na webov\u00fdch str\u00e1nkach chcemoptiku.sk Pri poskytovan\u00ed na\u0161ich slu\u017eieb, predaji tovaru a\u00a0prev\u00e1dzkovan\u00ed na\u0161ich webov\u00fdch str\u00e1nok sprac\u00favame niektor\u00e9 osobn\u00e9 \u00fadaje. Sprac\u00favanie osobn\u00fdch \u00fadajov upravuje najm\u00e4 nariadenie Eur\u00f3pskeho parlamentu a Rady (E\u00da) [&hellip;]","og_url":"https:\/\/www.chcemoptiku.sk\/?page_id=282","og_site_name":"chcemoptiku.sk","article_modified_time":"2024-04-16T02:03:51+00:00","twitter_card":"summary_large_image","twitter_misc":{"Predpokladan\u00fd \u010das \u010d\u00edtania":"6 min\u00fat"},"schema":{"@context":"https:\/\/schema.org","@graph":[{"@type":"WebPage","@id":"https:\/\/www.chcemoptiku.sk\/?page_id=282","url":"https:\/\/www.chcemoptiku.sk\/?page_id=282","name":"Ochrana osobn\u00fdch \u00fadajov - chcemoptiku.sk","isPartOf":{"@id":"https:\/\/www.chcemoptiku.sk\/#website"},"datePublished":"2024-04-16T01:56:05+00:00","dateModified":"2024-04-16T02:03:51+00:00","breadcrumb":{"@id":"https:\/\/www.chcemoptiku.sk\/?page_id=282#breadcrumb"},"inLanguage":"sk-SK","potentialAction":[{"@type":"ReadAction","target":["https:\/\/www.chcemoptiku.sk\/?page_id=282"]}]},{"@type":"BreadcrumbList","@id":"https:\/\/www.chcemoptiku.sk\/?page_id=282#breadcrumb","itemListElement":[{"@type":"ListItem","position":1,"name":"Home","item":"https:\/\/www.chcemoptiku.sk\/"},{"@type":"ListItem","position":2,"name":"Ochrana osobn\u00fdch \u00fadajov"}]},{"@type":"WebSite","@id":"https:\/\/www.chcemoptiku.sk\/#website","url":"https:\/\/www.chcemoptiku.sk\/","name":"chcemoptiku.sk","description":"","potentialAction":[{"@type":"SearchAction","target":{"@type":"EntryPoint","urlTemplate":"https:\/\/www.chcemoptiku.sk\/?s={search_term_string}"},"query-input":"required name=search_term_string"}],"inLanguage":"sk-SK"}]}},"_links":{"self":[{"href":"https:\/\/www.chcemoptiku.sk\/index.php?rest_route=\/wp\/v2\/pages\/282"}],"collection":[{"href":"https:\/\/www.chcemoptiku.sk\/index.php?rest_route=\/wp\/v2\/pages"}],"about":[{"href":"https:\/\/www.chcemoptiku.sk\/index.php?rest_route=\/wp\/v2\/types\/page"}],"author":[{"embeddable":true,"href":"https:\/\/www.chcemoptiku.sk\/index.php?rest_route=\/wp\/v2\/users\/1"}],"replies":[{"embeddable":true,"href":"https:\/\/www.chcemoptiku.sk\/index.php?rest_route=%2Fwp%2Fv2%2Fcomments&post=282"}],"version-history":[{"count":6,"href":"https:\/\/www.chcemoptiku.sk\/index.php?rest_route=\/wp\/v2\/pages\/282\/revisions"}],"predecessor-version":[{"id":290,"href":"https:\/\/www.chcemoptiku.sk\/index.php?rest_route=\/wp\/v2\/pages\/282\/revisions\/290"}],"wp:attachment":[{"href":"https:\/\/www.chcemoptiku.sk\/index.php?rest_route=%2Fwp%2Fv2%2Fmedia&parent=282"}],"curies":[{"name":"wp","href":"https:\/\/api.w.org\/{rel}","templated":true}]}}